
{"id":32745,"date":"2024-04-28T23:44:05","date_gmt":"2024-04-29T02:44:05","guid":{"rendered":"https:\/\/slmandic.edu.br\/cursos\/curso\/especializacao-em-harmonizacao-orofacial-mec-cfo-5317\/"},"modified":"2024-07-11T18:16:27","modified_gmt":"2024-07-11T21:16:27","slug":"especializacao-em-harmonizacao-orofacial-mec-cfo-5317","status":"publish","type":"cursos","link":"https:\/\/slmandic.edu.br\/cursos\/curso\/especializacao-em-harmonizacao-orofacial-mec-cfo-5317\/","title":{"rendered":"Especializa\u00e7\u00e3o em Harmoniza\u00e7\u00e3o Orofacial (MEC\/CFO) &#8211; 5317"},"content":{"rendered":"","protected":false},"featured_media":0,"parent":0,"menu_order":0,"template":"","meta":{"om_disable_all_campaigns":false,"ordenacao":"16","name":"Especializa\u00e7\u00e3o em Harmoniza\u00e7\u00e3o Orofacial (MEC\/CFO)","didocurso":"05317","status":"Fechado","linkinscricao":"https:\/\/www.slmandic.edu.br\/curso-esgotado\/","visualizacao":"Restrito \u00e0 Administradores de Cursos","reconhecimento1":"","reconhecimento2":"","reconhecimento3":"","datadeinicio":"18\/03\/2021","tempoduracao":"0","diasdasemana":"De quinta-feira \u00e0 s\u00e1bado (Mensal)","horario":"Ver Observa\u00e7\u00f5es abaixo*","totalvagas":"0","terminocursointermediario":"0","datalimitematricula":"","periodicidade":"Mensal","natureza":"","duracao":"20 meses","tempodias":"","tempomeses":"20","modalidade":"","cargahoraria":"510 horas\/aulas","nummaxalunos":"12","numvagaspreenchidas":"3","mandicon":"","numminalunos":"8","palavraschave":"","cursoconfirmado":"0","ativo":{"Sim":false},"necessariorevisaodados":{"Sim":false},"periodo":"","informacaocomercial":"","boletosenviados":"","boletospagos":"","matricula":"","matriculastransferencia":"","prematriculasbolsistas":"0","prematriculasefetivadas":"0","prematriculasgratuitas":"0","prematriculasreservadas":"0","prematriculastransferidas":"0","matriculasbolsistas":"","matriculasefetivadas":"","matriculasgratuitas":"","vagasrestantes":"9","jornada":"Harmoniza\u00e7\u00e3o Orofacial","valordaprematricula":"R$ 925,00","valordamensalidadeinvestimento":"","informacoesdemensalidade1":"20 x R$ 1.850,00","informacoes":"26 x  R$ 1.467,90","numparcelasplanonormal":"20","valormensalidadeplanonormal":"R$ 1.850,00","numparcelasplanoestendido":"26","valormensalidadeplanoestendido":"R$ 1.467,90","relacionados":"","numalunosalerta":"0","formapagamento":"","publicoalvo":"<p><b><i>Graduados e p\u00f3s-graduados em odontologia.<\/i><\/b><\/p>","objetivos":"<p>O curso \u00e9 direcionado para integra\u00e7\u00e3o do dente e face, observando os aspectos funcionais, aliando-os aos est\u00e9ticos.<\/p><p>Habilita o profissional a atuar em conjunto com o estado atual da ci\u00eancia, abrindo novas perspectivas quanto ao tratamento de seus pacientes no \u00e2mbito terap\u00eautico e est\u00e9tico em todas as disciplinas da odontologia.<\/p><p><br><\/p>","atrativosdiferenciaisdocurso":"<p>Conte\u00fado program\u00e1tico direcionado para a excel\u00eancia e integra\u00e7\u00e3o da est\u00e9tica dental e facial, mostrando o que h\u00e1 de mais atual na \u00e1rea de diagn\u00f3stico, planejamento e execu\u00e7\u00e3o dos procedimentos minimamente invasivos.<\/p><p>Curso constar\u00e1 com aulas te\u00f3ricas, hands-on, demonstrativo e parte cl\u00ednica com atendimento \u00e0 pacientes, em conson\u00e2ncia com as legisla\u00e7\u00f5es vigentes (resolu\u00e7\u00e3o 198\/2019 do Conselho Federal de Odontologia).<\/p><p><b style=\"color: rgb(62, 62, 60);\">Carga hor\u00e1ria: 510 horas\/aula.<\/b><\/p><p><i>Login de acesso pessoal, a partir de qualquer terminal conectado \u00e0 internet ao Portal de Peri\u00f3dicos da CAPES, e outras bases cient\u00edficas disponibilizadas pela Faculdade S\u00e3o Leopoldo Mandic.<\/i><\/p><p><i>Saiba como utilizar em: https:\/\/www.slmandic.edu.br\/wp-content\/uploads\/2019\/08\/SLM.BIB_.M7-00-Manual-para-acesso-aos-Peri%C3%B3dicos-do-CAPES-nv.pdf<\/i><\/p>","tecnicasapresentadas":"","observacoes":"","politicadesconto":"<p><b style=\"color: rgb(255, 0, 0);\"><i>Descontos Especiais:<\/i><\/b><\/p><p><i>Desconto de\u00a0<\/i><b><i>30%<\/i><\/b><i>\u00a0na\u00a0<\/i><b><i>taxa de pr\u00e9-matr\u00edcula\u00a0<\/i><\/b><i>para pagamentos efetuados at\u00e9 o dia\u00a0<\/i><b><i>31\/10\/2020<\/i><\/b><i>,\u00a0<\/i><b><i>20%<\/i><\/b><i>\u00a0para aqueles realizados at\u00e9 o dia\u00a0<\/i><b><i>30\/11\/2020<\/i><\/b><i>\u00a0e desconto de\u00a0<\/i><b><i>10%\u00a0<\/i><\/b><i>na taxa de pr\u00e9-matr\u00edcula para pagamentos efetuados at\u00e9 o dia\u00a0<\/i><b><i>11\/03\/2021.<\/i><\/b><\/p><p><b style=\"color: rgb(237, 16, 16);\"><i>Descontos Vigentes:<\/i><\/b><\/p><p>Desconto de <b>10%<\/b> nas mensalidades para ex-alunos da Faculdade S\u00e3o Leopoldo Mandic, com exce\u00e7\u00e3o daqueles que fizeram cursos de m\u00f3dulo \u00fanico ou que tenham conclu\u00eddo um curso com dura\u00e7\u00e3o inferior a 12 meses, nas unidades Campinas, Bras\u00edlia, Curitiba, Rio de Janeiro, Fortaleza, S\u00e3o Paulo, Belo Horizonte, Porto Alegre e Vila Velha.<\/p><p>Para ex-alunos de Gradua\u00e7\u00e3o da Faculdade S\u00e3o Leopoldo Mandic, que for realizar seu primeiro curso de p\u00f3s-gradua\u00e7\u00e3o, exceto cursos de M\u00f3dulo \u00fanico, tem desconto de <b>15%<\/b> nas mensalidades e <b>50%<\/b> na pr\u00e9-matr\u00edcula.<\/p><p>Alunos que desejarem pagar semestralmente \u00e0 vista, tem desconto de <b>3%<\/b> sobre as mensalidades;<\/p><p>Para os pagamentos realizados anualmente \u00e0 vista, concedemos desconto de <b>4%<\/b> sobre as mensalidades;<\/p><p>Para cursos com dura\u00e7\u00e3o superior a 12 meses, quando todas as mensalidades do curso s\u00e3o pagas \u00e0 vista, o desconto \u00e9 de <b>7%<\/b> sobre as mensalidades.<\/p><p>Os descontos n\u00e3o ser\u00e3o concedidos para as pr\u00e9-matr\u00edculas, com exce\u00e7\u00e3o dos ex-alunos de Gradua\u00e7\u00e3o da Faculdade S\u00e3o Leopoldo Mandic, que for realizar seu primeiro curso.<\/p>","linhapesquisa":"","programacao":"<p><b>Primeiro M\u00f3dulo - Concentra\u00e7\u00e3o: <i>Quinta e sexta-feira das 13h30 \u00e0s 22h00 e s\u00e1bado das 08h30 \u00e0s 17h30, com aulas voltadas para a\u00a0\u00e1rea da especialidade\u00a0(Harmoniza\u00e7\u00e3o Orofacial).<\/i><\/b><\/p><p><b style=\"color: rgb(228, 5, 5);\"><i>ATEN\u00c7\u00c3O:<\/i><\/b><\/p><p><i>Programa\u00e7\u00e3o do primeiro dia de aula: <\/i><\/p><p>13h - <i>Hor\u00e1rio de chegada na <\/i>institui\u00e7\u00e3o;<\/p><p>13h30 - Entrega da documenta\u00e7\u00e3o e assinatura do contrato;<\/p><p><i>14h - A abertura do curso com a presen\u00e7a do <\/i>coordenador da Unidade;<\/p><p><i>O\u00a0\u200b<\/i><b><i>Segundo e Terceiro m\u00f3dulos<\/i><\/b><i>\u00a0- <\/i><b><i>Dom\u00ednio Conexo: <\/i><\/b><i>Disciplinas obrigat\u00f3rias e exigidas pelo MEC (Minist\u00e9rio da Educa\u00e7\u00e3o) e CFO (Conselho Federal de Odontologia), sendo comuns a todas as especialidades, da seguinte forma:\u00a0<\/i><\/p><p><i>O\u00a0<\/i><b><i>Segundo m\u00f3dulo<\/i><\/b><i>,\u00a0para as<\/i><b><i>\u00a0<\/i><\/b><i>disciplinas de<\/i><b><i>\u00a0\u00a0\u00c9tica e Legisla\u00e7\u00e3o Odontol\u00f3gica\u00a0<\/i><\/b><i>e<\/i><b><i>\u00a0Metodologia da Pesquisa Cient\u00edfica\u00a0<\/i><\/b><i>ser\u00e3o realizados na forma\u00a0<\/i><b><i>EAD.<\/i><\/b><\/p><p><i>O <\/i><b><i>Terceiro m\u00f3dulo<\/i><\/b><i> <\/i><i style=\"color: rgb(62, 62, 60);\">para as<\/i><b style=\"color: rgb(62, 62, 60);\"><i>\u00a0<\/i><\/b><i style=\"color: rgb(62, 62, 60);\">disciplinas de<\/i><i> <\/i><b>Emerg\u00eancias M\u00e9dicas<\/b> e <b>Terap\u00eautica Medicamentosa<\/b> <i style=\"color: rgb(62, 62, 60);\">ser\u00e3o realizados na forma\u00a0<\/i><b style=\"color: rgb(62, 62, 60);\"><i>EAD.<\/i><\/b><\/p><p><b style=\"color: rgb(62, 62, 60);\">Obs.:\u00a0<\/b><span style=\"color: rgb(62, 62, 60);\">Os alunos que j\u00e1 realizaram as disciplinas destes dois m\u00f3dulos de<\/span><b style=\"color: rgb(62, 62, 60);\">\u00a0Dom\u00ednio Conexo (Emerg\u00eancias M\u00e9dicas, Metodologia da Pesquisa Cient\u00edfica, Terap\u00eautica Medicamentosa e \u00c9tica e Legisla\u00e7\u00e3o Odontol\u00f3gica)\u00a0<\/b><span style=\"color: rgb(62, 62, 60);\">em outro curso de Especializa\u00e7\u00e3o, podem solicitar junto ao Departamento Comercial,\u00a0antes de iniciar a frequ\u00eancia no curso,\u00a0a an\u00e1lise da dispensa (convalida\u00e7\u00e3o) destes estudos, desde que respeitado o prazo m\u00ednimo de at\u00e9\u00a04 anos da data de in\u00edcio do curso. Excepcionalmente para ex-alunos da Institui\u00e7\u00e3o S\u00e3o Leopoldo Mandic, ser\u00e1 concedido desconto proporcional nas disciplinas convalidadas de Dom\u00ednio Conexo. <\/span><i style=\"color: rgb(62, 62, 60); font-size: 14px;\">Caso a solicita\u00e7\u00e3o ocorra ap\u00f3s o in\u00edcio das aulas, o desconto s\u00f3 ter\u00e1 vig\u00eancia nos meses posteriores \u00e0 data do pedido.<\/i><\/p><p><i>A partir do <\/i><b><i>quarto m\u00f3dulo,<\/i><\/b><i> as aulas ocorrem de <\/i><b><i>quinta-feira a s\u00e1bado<\/i><\/b><i>, com aulas voltadas para a <\/i><b><i>\u00c1rea de concentra\u00e7\u00e3o<\/i><\/b><i> (Harmoniza\u00e7\u00e3o Orofacial), sendo <\/i><b><i>quinta e sexta-feira das 13h30 \u00e0s 22h e s\u00e1bado das 08h30 \u00e0s 17h30.<\/i><\/b><\/p><p><i>A SLMandic reserva o direito de n\u00e3o iniciar o curso na data acima prevista se o n\u00famero m\u00ednimo de alunos n\u00e3o for atingido. Ao inscrito, cabe esperar a confirma\u00e7\u00e3o da data de in\u00edcio pelo Departamento Comercial para que as provid\u00eancias sejam tomadas.\u00a0<\/i><\/p><p><b style=\"font-size: 12px; color: rgb(0, 0, 0);\"><i> \u201cO ingresso na turma est\u00e1 condicionado a data de emiss\u00e3o do CRO, pois devido ao processo de portaria junto ao CFO, a data n\u00e3o pode ser posterior a data de in\u00edcio do curso.\u201d<\/i><\/b><i style=\"color: rgb(62, 62, 60);\">\u00a0<\/i><\/p><p><b>Calend\u00e1rio Parcial:<\/b><\/p><p><b>1\u00ba. M\u00f3dulo: De<\/b> 18, 19 e 20 <b>de mar\u00e7o 2021 - \u00c1rea de concentra\u00e7\u00e3o;<\/b><\/p><p><b>2\u00ba. m\u00f3dulo: De<\/b> 01 a 30 <b>de abril de 2021 - Dom\u00ednio Conexo (\u00c9tica e Legisla\u00e7\u00e3o Odontol\u00f3gica e Metodologia da Pesquisa Cient\u00edfica) - EAD;<\/b><\/p><p><b>3\u00ba. M\u00f3dulo: De<\/b> 01 a 30 <b>maio de 2021 Dom\u00ednio Conexo (Emerg\u00eancias M\u00e9dicas e Terap\u00eautica Medicamentosa) - EAD;<\/b><\/p><p><b>4\u00ba. M\u00f3dulo: De<\/b> 24, 25 e 26 <b>de junho 2021 \u00c1rea de concentra\u00e7\u00e3o;<\/b><\/p><p><b>5\u00ba. M\u00f3dulo: De<\/b> 22, 23 e 24 <b>de julho 2021 - \u00c1rea de concentra\u00e7\u00e3o;<\/b><\/p><p><b>6\u00ba. M\u00f3dulo: De<\/b> 19, 20 e 21 <b>de agosto de 2021 - \u00c1rea de concentra\u00e7\u00e3o;\u00a0<\/b><\/p><p><b>7\u00ba. M\u00f3dulo: De<\/b> 16, 17 e 18 <b>de setembro de 2021 - \u00c1rea de concentra\u00e7\u00e3o;\u00a0<\/b><\/p><p><b>8\u00ba. M\u00f3dulo: De<\/b> 14, 15 e 16 <b>de outubro de 2021 - \u00c1rea de concentra\u00e7\u00e3o;\u00a0<\/b><\/p><p><b>9\u00ba. M\u00f3dulo: De<\/b> 11, 12 e 13 <b>de novembro de 2021 - \u00c1rea de concentra\u00e7\u00e3o;<\/b><\/p><p><b>10\u00ba. M\u00f3dulo: De <\/b>09, 10 e 11<b> de dezembro de 2021 - \u00c1rea de concentra\u00e7\u00e3o;<\/b><b style=\"font-size: 16px;\"><i>\ufeff<\/i><\/b><\/p><p style=\"text-align: center;\"><b style=\"font-size: 16px;\">Conte\u00fado Program\u00e1tico:<\/b>\u200b<\/p><p><b>\u00c1rea de Dom\u00ednio Conexo (m\u00f3dulos comuns):<\/b><\/p><p>Emerg\u00eancias M\u00e9dicas;<\/p><p>Metodologia da Pesquisa Cient\u00edfica;<\/p><p>Terap\u00eautica Medicamentosa;<\/p><p>\u00c9tica e Legisla\u00e7\u00e3o Odontol\u00f3gica.<\/p><p><b>\u00c1rea de Concentra\u00e7\u00e3o:<\/b><\/p><p>Anatomia Descritiva Cabe\u00e7a e Pesco\u00e7o:<\/p><p>Sistema Esquel\u00e9tico e Muscular;<\/p><p>Inerva\u00e7\u00e3o;<\/p><p>M\u00fasculos da Face (m\u00edmica) e da Mastiga\u00e7\u00e3o;<\/p><p>Anatomia Vascular da Face;<\/p><p>SMAS;<\/p><p>Anatomia dos coxins gordurosos da face;<\/p><p>Rela\u00e7\u00f5es anat\u00f4micas com estruturas nobres da face;<\/p><p>Pintura e escultura 3D;<\/p><p>Radiologia \/ Imaginologia na HOF;<\/p><p>Escaneamento Digital Oro Facial na HOF;\u00a0\u00a0<\/p><p>Pr\u00e1tica em sistema digital interativo;<\/p><p>An\u00e1lise Facial Baseada em Escaneamento Digital;<\/p><p>Analise Facial de Tecidos Moles para Planejamento Digital;<\/p><p>Conceitos do visagismo odontol\u00f3gico;<\/p><p>Histologia muscular e da pele;<\/p><p>Envelhecimento cut\u00e2neo;<\/p><p>Doen\u00e7as de Pele de interesse cl\u00ednico na Odontologia;<\/p><p>Protocolos diagn\u00f3sticos;<\/p><p>Tratamento e preven\u00e7\u00e3o do envelhecimento cut\u00e2neo na Odontologia;<\/p><p>Envelhecimento Facial e seu impacto nos tratamentos Odontol\u00f3gicos;<\/p><p>Fisiologia muscular e da pele;<\/p><p>Farmacologia e farmacodin\u00e2mica;<\/p><p>Cosm\u00e9ticos com aplicabilidade cl\u00ednico-odontol\u00f3gico;<\/p><p>Suplementos;<\/p><p>Nutri\u00e7\u00e3o, exerc\u00edcios f\u00edsicos e estilo de vida;<\/p><p>Cronologia de Procedimentos em HOF;<\/p><p>\u00c1cido Hialur\u00f4nico;<\/p><p>Princ\u00edpios de Indu\u00e7\u00e3o de Col\u00e1geno;<\/p><p>Zonas de abordagem da face para reposicionamento dos tecidos do sistema estomatogn\u00e1tico;<\/p><p>Cross-Link dos Produtos;<\/p><p>Marcas Comerciais e Aspectos T\u00e9cnicos dos Produtos;<\/p><p>\u00c1reas de Risco para Preenchimento;<\/p><p>AH de Preenchimento;<\/p><p>Indica\u00e7\u00f5es e contraindica\u00e7\u00f5es cl\u00ednicas;<\/p><p>T\u00e9cnicas com Uso de C\u00e2nulas e Agulhas;<\/p><p>Tratamento Linhas de Marionete e de SNL;<\/p><p>T\u00e9cnica Subincision;<\/p><p>Escultura e Preenchimento Labial;<\/p><p>Lifting \u00c2ngulo de Boca;<\/p><p>Toxina Botul\u00ednica Tipo A:<\/p><p>Estruturas Moleculares;<\/p><p>Mecanismo de A\u00e7\u00e3o;<\/p><p>Antigenicidade Imunogenicidade;<\/p><p>Dilui\u00e7\u00e3o e Armazenamento;<\/p><p>Marcas Comerciais;<\/p><p>Protocolos Doses de Todas as Marcas;<\/p><p>\u00c1reas de Risco;<\/p><p>Tratamento de Complica\u00e7\u00f5es;<\/p><p>Indica\u00e7\u00f5es Est\u00e9ticas e Terap\u00eauticas em Odontologia;<\/p><p>Contraindica\u00e7\u00f5es;<\/p><p>Rugas Periorais;<\/p><p>Lifting Linha da Beleza;<\/p><p>Lifting \u00c2ngulo de Boca;<\/p><p>Rugas de Mento;<\/p><p>Hipertrofia Masseter;<\/p><p>Assimetria de Face;<\/p><p>Sorriso Gengival;<\/p><p>Assimetria de Sorriso;<\/p><p>Sialor\u00e9ia;<\/p><p>Paralisia Facial;<\/p><p>Protocolos Preventivos em Reab. Orais;<\/p><p>Cefaleias Secund\u00e1rias \u00e0s DTM;<\/p><p>Aplica\u00e7\u00f5es em Pacientes com DTM: mitos e verdades;<\/p><p>Aplica\u00e7\u00f5es em Pacientes com Bruxismo: mitos e verdades;<\/p><p>Uso para Ronco;<\/p><p>Aplica\u00e7\u00f5es na Cirurgia Ortogn\u00e1tica e na Ortodontia;<\/p><p>Preenchedores, hidratadores e volumizadores;<\/p><p>\u00a0MD Codes 8 points;<\/p><p>\u00c1cido hialur\u00f4nico e Poli-L-L\u00e1tico (Sculptra);<\/p><p>Hidroxiapatita de C\u00e1lcio (Radiesse);<\/p><p>Acido Poli-l\u00e1tico;<\/p><p>Fios Oro-Faciais;<\/p><p>Zonas anat\u00f4mica de risco para fios Oro-faciais;<\/p><p>An\u00e1lise comparativa entre os tipos dos fios dispon\u00edveis;<\/p><p>Zonas de abordagem da face para reposicionamento dos tecidos do sistema estomatogn\u00e1tico;<\/p><p>An\u00e1lise Facial;<\/p><p>Sistemas de reten\u00e7\u00e3o do aparelho estomatogn\u00e1tico;<\/p><p>Montagem de protocolos cl\u00ednicos;<\/p><p>Cronologia de procedimentos em HOF em abordagem transdisciplinar;<\/p><p>Cuidados trans e p\u00f3s-operat\u00f3rio;<\/p><p>Tratamento de intercorr\u00eancias;<\/p><p>T\u00e9cnicas individualizadas para cada tipo de fio abordado;<\/p><p>Biofot\u00f4nica na Odontologia;<\/p><p>Utiliza\u00e7\u00e3o do Laser na HOF;<\/p><p>Utiliza\u00e7\u00e3o dos diversos tipos de Laser, dos terap\u00eauticos aos ablativos e cir\u00fargicos;<\/p><p>Tratamento das Complica\u00e7\u00f5es;<\/p><p>Lip\u00f3lise qu\u00edmica da papada;<\/p><p>Lip\u00f3lise aspirativa da papada;<\/p><p>Anatomia descritiva do pesco\u00e7o (regi\u00e3o estomatogn\u00e1tica supra-hi\u00f3idea);<\/p><p>Histologia e Fisiologia aplicada;<\/p><p>Apresenta\u00e7\u00e3o do produto;<\/p><p>Mecanismo de a\u00e7\u00e3o;<\/p><p>Metaboliza\u00e7\u00e3o do produto;<\/p><p>Efeitos adversos;<\/p><p>Tratamentos complementares e de complica\u00e7\u00f5es;<\/p><p>Import\u00e2ncia do delineamento mandibular na determina\u00e7\u00e3o da curvatura do sorriso;<\/p><p>Rela\u00e7\u00e3o anat\u00f4mica entre contorno mandibular e anatomia dent\u00e1ria na constru\u00e7\u00e3o de sorrisos;<\/p><p>Biomodela\u00e7\u00e3o Mandibular;<\/p><p>Documenta\u00e7\u00e3o exigida;<\/p><p>Protocolos de aplica\u00e7\u00e3o (limites legais do Cirurgi\u00e3o dentista);<\/p><p>Hands-on em pacientes;<\/p><p>Preven\u00e7\u00e3o e tratamento dos Efeitos adversos dos \u00c1cidos Hialur\u00f4nicos e outros Preenchedores;<\/p><p>Venopun\u00e7\u00e3o;<\/p><p>IPRF;<\/p><p>IPRF em associa\u00e7\u00e3o com Fios Faciais e \u00c1cido Hialur\u00f4nico na bioestimula\u00e7\u00e3o colag\u00eanica;<\/p><p>Desmistificando MD CODES;<\/p><p>Anatomia Aplicada e como ocorre o processo de envelhecimento e os vetores de ptose;<\/p><p>Reconhecer para saber tratar;<\/p><p>Diagn\u00f3stico, planejamento e proposta de tratamento para obter o efeito wow;<\/p><p>Filosofia Codes - Pontos, locais, profundidades e quantidades corretas de material;<\/p><p>Pontos de Alicerce Facial, Contorno e Refinamento;<\/p><p>Quais pontos injetar para atender a expectativa de seu paciente!!!;<\/p><p>Cl\u00ednica;<\/p><p>Bichectomia;<\/p><p>Indica\u00e7\u00e3o Odontol\u00f3gica e est\u00e9tico-funcionais da bichectomia na Odontologia;<\/p><p>Defini\u00e7\u00e3o da remo\u00e7\u00e3o do corpo adiposo de Bichat;<\/p><p>Hist\u00f3rico da t\u00e9cnica;<\/p><p>Indica\u00e7\u00f5es e contraindica\u00e7\u00f5es cir\u00fargicas;<\/p><p>Anatomia cir\u00fargica orofacial aplicada \u00e0 bichectomia;<\/p><p>Exames preliminares;<\/p><p>Abordagem t\u00e9cnica da bola adiposa de bichat;<\/p><p>Cuidados e complica\u00e7\u00f5es p\u00f3s-operat\u00f3rias, como resolv\u00ea-las;<\/p><p>Conceito LN Concept (volumiza\u00e7\u00e3o de malar);<\/p><p>Estruturas da pele combinadas para indu\u00e7\u00e3o de col\u00e1geno;<\/p><p>Bioestimuladores - Indu\u00e7\u00e3o de regenera\u00e7\u00e3o Tecidual;<\/p><p>IPRF: Inje\u00e7\u00e3o de Fibrina Rica em Plaquetas;<\/p><p>Ozonioterapia;<\/p><p>Microagulhamento (Dermaroller);<\/p><p>Microagulhamento el\u00e9trico (canetas samartpen);<\/p><p>Dermo ativos;<\/p><p>M\u00e1scaras de vitaminas;<\/p><p>Skinbooster;<\/p><p>Ultrassom Microfocado;<\/p><p>Escultura labial;<\/p><p>Envelhecimento labial;<\/p><p>Import\u00e2ncia da restrutura\u00e7\u00e3o do lbio no sorriso;<\/p><p>Import\u00e2ncia da volumiza\u00e7\u00e3o labial no equil\u00edbrio est\u00e9tico-funcional dos dentes;<\/p><p>Import\u00e2ncia da volumiza\u00e7\u00e3o labial no equil\u00edbrio funcional dos dentes anteriores;<\/p><p>Import\u00e2ncia do tratamento da regi\u00e3o do m\u00fasculo bucinador (bochecha) no equil\u00edbrio;<\/p><p>Funcional da oclus\u00e3o dent\u00e1ria;<\/p><p>Remodela\u00e7\u00e3o periorbital (regi\u00e3o maxilar);<\/p><p>Remodela\u00e7\u00e3o malar;<\/p><p>Remodela\u00e7\u00e3o SNL (perioral);<\/p><p>Remodela\u00e7\u00e3o labial;<\/p><p>Zonas de alerta e perigo;<\/p><p>Preven\u00e7\u00f5es e tratamento de complica\u00e7\u00f5es;<\/p><p>Lip Lift;\u00a0<\/p><p>Orienta\u00e7\u00e3o de trabalhos;<\/p><p>Apresenta\u00e7\u00e3o dos trabalhos TCC a banca examinadora;<\/p>","procedimentoselecao":"<p><b>a) Inscri\u00e7\u00e3o:<\/b><\/p><p>Inscreva-se on-line ou atrav\u00e9s dos Consultores na Central de Relacionamento gratuitamente pelo telefone 0800 941 7 941.<\/p><p><b>b) Pr\u00e9-matr\u00edcula:<\/b><\/p><p>Efetuar o pagamento atrav\u00e9s de boleto banc\u00e1rio ou por cart\u00e3o de cr\u00e9dito que correspondente a pr\u00e9-matr\u00edcula no curso.<\/p><p><i>Somente ser\u00e3o considerados pr\u00e9-matriculados aqueles que efetuarem o pagamento da inscri\u00e7\u00e3o at\u00e9 a data determinada, optando pelo cart\u00e3o de cr\u00e9dito ou pelo boleto banc\u00e1rio. Vale ressaltar, por\u00e9m, que a faculdade reserva o direito de efetivar a matr\u00edcula de acordo com a ordem dos pagamentos dos boletos ou cart\u00f5es, respeitando o n\u00famero de vagas em cada turma. Caso a confirma\u00e7\u00e3o do pagamento ocorra ap\u00f3s o preenchimento das vagas dispon\u00edveis, o candidato ao curso receber\u00e1 o reembolso do valor pago.<\/i><\/p><p><b>c) Documenta\u00e7\u00e3o necess\u00e1ria a ser apresentada no primeiro dia de aula:<\/b><\/p><p><i>A institui\u00e7\u00e3o somente considera como aluno regularmente matriculado aquele que entrega todos os documentos abaixo citados.<\/i><\/p><p><b>C\u00f3pia frente e verso (leg\u00edvel) dos documentos abaixo:<\/b><\/p><p>- Certid\u00e3o de nascimento ou casamento;<\/p><p>- Diploma de gradua\u00e7\u00e3o autenticado (Se obtido no exterior, tradu\u00e7\u00e3o juramentada e revalida\u00e7\u00e3o do mesmo junto \u00e0 Universidade P\u00fablica);<\/p><p>- RG (Carteira de Habilita\u00e7\u00e3o n\u00e3o substitui esse documento);<\/p><p>- CPF;<\/p><p>- Registro do profissional;<\/p><p>- Comprovante de Resid\u00eancia recente (\u00faltimos tr\u00eas meses).\u00a0<\/p><p>* 1 foto 3 x 4.<\/p><p><i><u>No primeiro dia de aula, \u00e9 necess\u00e1rio trazer a c\u00f3pia autenticada do diploma de gradua\u00e7\u00e3o.<\/u><\/i><\/p><p>* O pagamento da 1\u00aa parcela da mensalidade deve ocorrer no primeiro dia de aula. As parcelas restantes dever\u00e3o ser pagas com o vencimento para todo dia 10 de cada m\u00eas atrav\u00e9s de Boleto Banc\u00e1rio.<\/p><p><b>d) Quando aluno estrangeiro:<\/b><\/p><p><b>Documenta\u00e7\u00e3o necess\u00e1ria a ser apresentada no primeiro dia de aula:<\/b><\/p><p><i>A institui\u00e7\u00e3o somente considera como aluno regularmente matriculado aquele que entrega todos os documentos abaixo citados.<\/i><\/p><p><b>C\u00f3pia frente e verso (leg\u00edvel) dos documentos abaixo:<\/b><\/p><p>- Certid\u00e3o de nascimento ou casamento - consularizada;<\/p><p>- Diploma de gradua\u00e7\u00e3o autenticado traduzido por tradutor p\u00fablico juramentado e consularizado;<\/p><p>- Passaporte onde constem: Dados pessoais e Carimbo e Visto de entrada no pa\u00eds;<\/p><p>- RNE - Registro Nacional Estrangeiro ou seu protocolo junto \u00e0 Pol\u00edcia Federal, este com visto e autoriza\u00e7\u00e3o de perman\u00eancia no pa\u00eds e indica\u00e7\u00e3o do per\u00edodo de perman\u00eancia;<\/p><p>- Comprovante de Resid\u00eancia recente (\u00faltimos tr\u00eas meses).\u00a0<\/p><p>* 1 foto 3 x 4.<\/p><p><i><u>No primeiro dia de aula, \u00e9 necess\u00e1rio trazer a c\u00f3pia autenticada do diploma de gradua\u00e7\u00e3o.<\/u><\/i><\/p><p>Todos os trabalhos, provas e demais atividades escritas dever\u00e3o ser feitos em L\u00edngua Portuguesa.<\/p>","estrangeiro":"<p><b>a) <\/b>Inscreva-se on-line ou atrav\u00e9s do Departamento Comercial pelo telefone 0800 941 7 941.\u200b<\/p><p><b>b) Pr\u00e9-matr\u00edcula:<\/b>\u200b<\/p><p><i>Efetuar o pagamento correspondente a pr\u00e9-matr\u00edcula no curso atrav\u00e9s de boleto banc\u00e1rio se possuir CPF, cart\u00e3o de cr\u00e9dito ou por C\u00e2mbio Internacional.<\/i>\u200b<\/p><p><b>c) Matr\u00edcula:<\/b>\u200b<\/p><p><i>*\u200b\u200b Para que a Institui\u00e7\u00e3o considere o aluno devidamente matriculado na turma, este dever\u00e1 realizar o pagamento antecipadamente das tr\u00eas mensalidades logo no primeiro dia de aula, em moeda brasileira (Real) e realizar a assinatura do Contrato.<\/i>\u200b<\/p><p><i>As demais parcelas dever\u00e3o ser pagas a partir do segundo m\u00f3dulo mensalmente nos vencimentos para todo dia 05, 10, 15 ou 20 de cada m\u00eas, onde dever\u00e1 optar no ato da contrata\u00e7\u00e3o do curso.<\/i>\u200b<\/p><p><b><i>Segue abaixo os dados banc\u00e1rios para pagamento atrav\u00e9s de C\u00e2mbio Internacional.<\/i><\/b>\u200b<\/p><p><i>Ordens de Pagamento em USD\u00a0<\/i><\/p><p><i>Through: BANK OF NEW YORK\u00a0<\/i><\/p><p><i>New York - EUA\u00a0<\/i><\/p><p><i>BIC SWIFT: IRVTUS3N\u00a0<\/i><\/p><p><i>ABA: 053000196\u00a0<\/i><\/p><p><i>Account number: 6550422632\u00a0<\/i><\/p><p><i>Beneficiary Bank: BANCO ITA\u00da S\/A\u00a0<\/i><\/p><p><i>S\u00e3o Paulo - Brasil\u00a0<\/i><\/p><p><i>BIC SWIFT: ITAUBRSP\u00a0<\/i><\/p><p><i>Beneficiary Customer: SOCIEDADE REGIONAL DE ENSINO E SA\u00daDE SS LTDA<\/i><\/p><p><i>Branch: 6393\u00a0<\/i><\/p><p><i>Account number: 03477-9<\/i>\u200b<\/p><p><b>d) Documenta\u00e7\u00e3o necess\u00e1ria a ser apresentada no primeiro dia de aula:<\/b><\/p><ul><li>\u200bCertid\u00e3o de nascimento ou casamento - consularizada;<\/li><li>Passaporte onde constem: Dados pessoais e Carimbo e Visto de entrada no pa\u00eds;<\/li><li>RNE - Registro Nacional Estrangeiro ou seu protocolo junto \u00e0 Pol\u00edcia Federal, este com visto e autoriza\u00e7\u00e3o de perman\u00eancia no pa\u00eds e indica\u00e7\u00e3o do per\u00edodo de perman\u00eancia;<\/li><li>Comprovante de Resid\u00eancia recente (\u00faltimos tr\u00eas meses).\u00a0\u00a0<\/li><li>1 foto 3 x 4 de \u00e2ngulo frontal de fundo neutro que poder\u00e1 ser digitalizada.<\/li><\/ul><p>\u200b<b style=\"font-size: 14px;\"><i>e) No primeiro dia de aula, \u00e9 necess\u00e1rio trazer o diploma de gradua\u00e7\u00e3o original <\/i><\/b><b><i>traduzido por tradutor p\u00fablico juramentado e consularizado <\/i><\/b><b style=\"font-size: 14px;\"><i>que ser\u00e1 digitalizado pela secretaria.<\/i><\/b><\/p><p><u>Obs.: A institui\u00e7\u00e3o considera o aluno regularmente matriculado ap\u00f3s a entrega de todos os documentos citados.<\/u><\/p><p><i>Todos os trabalhos, provas e demais atividades escritas dever\u00e3o ser feitos em L\u00edngua Portuguesa.<\/i><\/p>","lista-de-materiais-download-":"","materiaisnecessarios":"<p><b>Materiais que s\u00e3o de responsabilidade do aluno ser para o desenvolvimento do curso<\/b><\/p><p>(No decorrer do curso podem ser solicitados novos materiais.):<\/p><p>\u2022\tKit campos descart\u00e1vel cir\u00fargico;<\/p><p>\u2022\tCarpule;<\/p><p>\u2022\tCabo de bisturi;<\/p><p>\u2022\tPin\u00e7a dente de rato;<\/p><p>\u2022\tCuba inox;<\/p><p>\u2022\tPorta agulha (prefer\u00eancia castro viejo);<\/p><p>\u2022\tTesoura reta;<\/p><p>\u2022\tPin\u00e7a curva hemost\u00e1tica pequena (02);<\/p><p>\u2022\tAfastador de minesota;<\/p><p>\u2022\tJaleco;<\/p><p>\u2022\tTrio (espelho, sonda e pin\u00e7a).<\/p>","matrizcurricular":"","gradehoraria":"","contatocomercial":"<p><b>Departamento Comercial da Faculdade S\u00e3o Leopoldo Mandic<\/b><\/p><p><b>Telefone:<\/b>\u00a00800 941 7 941<\/p><p><b>E-mail:<\/b>\u00a0cursos@slmandic.edu.br<\/p><p><b>Site:<\/b>\u00a0www.slmandic.edu.br<\/p><p><b>Atendimento via WhatsApp:\u00a0<\/b>(19) 99228-8781\u200b<\/p><p><b><i>Siga a institui\u00e7\u00e3o nas redes sociais:<\/i><\/b><\/p><p>Facebook.com\/saoleopoldomandic<\/p><p>Youtube.com\/user\/slmandic<\/p><p>Instagram.com\/saoleopoldomandic<\/p><p>Linkedin.com\/school\/saoleopoldomandic<\/p><p>vm.tiktok.com\/ZSqB4YkB\/<\/p>","coordenadordecurso":"Prof.\u00aa Ms. Kathrein Tapia da Silva Garcez","coordenadoradjunto":"","coordenadoradjunto2":"","idcursosales":"01t3m00000KeYdnAAF","iddocursonoantigoportal":"","especialidade":"","areaensino":"Odontologia","nivel":"Especializa\u00e7\u00e3o","unidade":"Porto Alegre","categoriastatus":"","idscontasdocentes":"0013m00002Fi6A5AAJ,0013m00002FjIXMAA3","codcoligada":"1","idps":"2245","texto-banner":"","metodologia-inovadora":"","curriculo-qualificado":"","corpo-docente-qualificado":"","infraestrutura-de-excelencia":"","icone":"","title":"","descricao":"","icone-2":"","title-2":"","descricao-2":"","icone-3":"","title-3":"","descricao-3":"","icone-4":"","title-4":"","descricao-4":"","icone-5":"","title-5":"","descricao-5":"","icone-6":"","title-6":"","descricao-6":"","informacoesgerais":"","calendario-download":"","conteudo-programatico-dominio-conexo":"","conteudo-programatico-area-de-concentracao":"","ebook-matriz-educacional":""},"especialidade":[352],"duracao":[],"categoria-de-curso":[392],"areas":[18],"_links":{"self":[{"href":"https:\/\/slmandic.edu.br\/cursos\/wp-json\/wp\/v2\/cursos\/32745"}],"collection":[{"href":"https:\/\/slmandic.edu.br\/cursos\/wp-json\/wp\/v2\/cursos"}],"about":[{"href":"https:\/\/slmandic.edu.br\/cursos\/wp-json\/wp\/v2\/types\/cursos"}],"wp:attachment":[{"href":"https:\/\/slmandic.edu.br\/cursos\/wp-json\/wp\/v2\/media?parent=32745"}],"wp:term":[{"taxonomy":"especialidade","embeddable":true,"href":"https:\/\/slmandic.edu.br\/cursos\/wp-json\/wp\/v2\/especialidade?post=32745"},{"taxonomy":"duracao","embeddable":true,"href":"https:\/\/slmandic.edu.br\/cursos\/wp-json\/wp\/v2\/duracao?post=32745"},{"taxonomy":"categoria-de-curso","embeddable":true,"href":"https:\/\/slmandic.edu.br\/cursos\/wp-json\/wp\/v2\/categoria-de-curso?post=32745"},{"taxonomy":"areas","embeddable":true,"href":"https:\/\/slmandic.edu.br\/cursos\/wp-json\/wp\/v2\/areas?post=32745"}],"curies":[{"name":"wp","href":"https:\/\/api.w.org\/{rel}","templated":true}]}}