
{"id":34520,"date":"2024-04-29T02:25:09","date_gmt":"2024-04-29T05:25:09","guid":{"rendered":"https:\/\/slmandic.edu.br\/cursos\/curso\/especializacao-em-harmonizacao-orofacial-mec-cfo-07693\/"},"modified":"2024-08-29T17:53:56","modified_gmt":"2024-08-29T20:53:56","slug":"especializacao-em-harmonizacao-orofacial-mec-cfo-07693","status":"publish","type":"cursos","link":"https:\/\/slmandic.edu.br\/cursos\/curso\/especializacao-em-harmonizacao-orofacial-mec-cfo-07693\/","title":{"rendered":"Especializa\u00e7\u00e3o em Harmoniza\u00e7\u00e3o Orofacial (MEC\/CFO)"},"content":{"rendered":"","protected":false},"featured_media":0,"parent":0,"menu_order":0,"template":"","meta":{"om_disable_all_campaigns":false,"ordenacao":"16","name":"Especializa\u00e7\u00e3o em Harmoniza\u00e7\u00e3o Orofacial (MEC\/CFO)","didocurso":"07693","status":"Cancelado","linkinscricao":"https:\/\/www.slmandic.edu.br\/curso-fechado\/","visualizacao":"Restrito \u00e0 administradores de cursos","reconhecimento1":"Reconhecido pelo MEC\/CFO","reconhecimento2":"Nenhum","reconhecimento3":"Nenhum","datadeinicio":"18\/03\/2024","tempoduracao":"","diasdasemana":"*Ver observa\u00e7\u00f5es abaixo:","horario":"Das 8h \u00e0s 18h","totalvagas":"24","terminocursointermediario":"","datalimitematricula":"30\/06\/2024","periodicidade":"Mensal","natureza":"Te\u00f3rico, Pr\u00e1tico, Cl\u00ednico, Laboratorial e Demonstrativo","duracao":"20 Meses","tempodias":"","tempomeses":"","modalidade":"Presencial","cargahoraria":"500 horas\/aula.","nummaxalunos":"24","numvagaspreenchidas":"","mandicon":"N\u00e3o","numminalunos":"12","palavraschave":"","cursoconfirmado":"","ativo":{"Sim":"true"},"necessariorevisaodados":{"Sim":"true"},"periodo":"","informacaocomercial":"","boletosenviados":"0","boletospagos":"0","matricula":"","matriculastransferencia":"0","prematriculasbolsistas":"","prematriculasefetivadas":"","prematriculasgratuitas":"","prematriculasreservadas":"","prematriculastransferidas":"","matriculasbolsistas":"0","matriculasefetivadas":"","matriculasgratuitas":"0","vagasrestantes":"24","jornada":"Harmoniza\u00e7\u00e3o Orofacial","valordaprematricula":"R$ 1.250,00","valordamensalidadeinvestimento":"","informacoesdemensalidade1":"20 x R$ 2.500,00","informacoes":"26 x R$ 2.020,00","numparcelasplanonormal":"20","valormensalidadeplanonormal":"R$ 2.500,00","numparcelasplanoestendido":"26","valormensalidadeplanoestendido":"R$ 2.020,00","relacionados":"R$ 51.250,00","numalunosalerta":"","formapagamento":"<p><strong><span style=\"color: #ff0000\">Forma de Pagamento da Matr\u00edcula:<\/span> \u00a0Boleto banc\u00e1rio ou cart\u00e3o de cr\u00e9dito (parcela m\u00ednima de R$ 500,00 em at\u00e9 6x). <\/strong><\/p>\n<p><strong><span style=\"color: #ff0000\">Plano de Pagamento Estendido:<\/span> \u00a0Esta modalidade permite a extens\u00e3o em 6 parcelas no plano de pagamento regular, sendo acrescido 5% de juros sobre o investimento integral do curso. <\/strong><\/p>\n<p><span style=\"color: #ff0000\"><strong>Formas de Pagamentos das Mensalidades:<\/strong><\/span> \u00a0Os pagamentos das mensalidades dever\u00e3o ser efetuados por meio de boletos banc\u00e1rios que ter\u00e1 o vencimento at\u00e9 5 dias antes do in\u00edcio do curso. No caso de estrangeiros, o aluno deve pagar antecipadamente tr\u00eas mensalidades logo no primeiro dia de aula, em moeda brasileira (Real). As demais parcelas dever\u00e3o ser pagas a partir do segundo m\u00f3dulo mensalmente nos vencimentos para todo dia 10 de cada m\u00eas.<\/p>\n<p><strong>Reembolso:<\/strong><\/p>\n<p>(1) Caso o(a) inscrito(a) encaminhe solicita\u00e7\u00e3o de desist\u00eancia do Curso nos termos supra referidos, at\u00e9 20 (vinte) dias antes da data de seu in\u00edcio, a Faculdade S\u00e3o Leopoldo Mandic reembolsar\u00e1 o equivalente a 50% (cinquenta por cento) do valor correspondente ao investimento, sendo que os 50% (cinquenta por cento) restantes s\u00e3o considerados despesas administrativas e comerciais.<\/p>\n<p>(2) Caso encaminhe solicita\u00e7\u00e3o de desist\u00eancia do Curso nos termos supra referidos ap\u00f3s o seu in\u00edcio, o(a) inscrito(a) perder\u00e1 o direito ao reembolso do valor referente ao Curso, mesmo que n\u00e3o tenha frequentado as aulas, tendo em vista as disposi\u00e7\u00f5es da legisla\u00e7\u00e3o aplic\u00e1vel, do Regimento Geral da P\u00f3s-Gradua\u00e7\u00e3o da Institui\u00e7\u00e3o e, ainda, pelo fato de que os Cursos s\u00e3o oferecidos com base no n\u00famero de inscritos, considerando-se nesse caso a vaga preenchida pelo(a) desistente;<\/p>\n<p>(3) Para inscrito(a)s em Cursos denominados \u201cVagas Remanescentes\/In\u00edcio imediato\u201d, caso o(a) inscrito(a) encaminhe solicita\u00e7\u00e3o de desist\u00eancia do Curso nos termos supra referidos at\u00e9 20 (vinte) dias antes da data do pr\u00f3ximo m\u00f3dulo, a Faculdade S\u00e3o Leopoldo Mandic reembolsar\u00e1 50% (cinquenta por cento) do valor correspondente ao investimento, sendo que os 50% (cinquenta por cento) restantes s\u00e3o considerados despesas administrativas e comerciais.<\/p>\n<p>(4) Caso a solicita\u00e7\u00e3o para cancelamento seja efetuada com menos de 20 (vinte) dias de anteced\u00eancia do in\u00edcio das aulas, o(a) inscrito(a) est\u00e1 ciente de que n\u00e3o haver\u00e1 devolu\u00e7\u00e3o do valor pago a t\u00edtulo de matr\u00edcula, uma vez que a Institui\u00e7\u00e3o n\u00e3o ter\u00e1 tempo h\u00e1bil para substituir o(a) inscrito(a) por outro(a) candidato(a), sendo certo que ter\u00e1 ocorrido presta\u00e7\u00e3o de servi\u00e7os de reserva da vaga, justificando o recebimento da matr\u00edcula.<\/p>\n<p><strong>Observa\u00e7\u00e3o importante:\u00a0<\/strong>Se o Curso n\u00e3o ocorrer ou for adiado por qualquer motivo, pela Institui\u00e7\u00e3o, o(a) inscrito(a) ter\u00e1 direito a reembolso de 100% (cem por cento) do valor pago a t\u00edtulo de matr\u00edcula, independente do per\u00edodo em que o(a) mesmo(a) tenha ci\u00eancia desse remanejamento.<\/p>\n<p>O(A) inscrito(a), uma vez ciente desse remanejamento e optando pela desist\u00eancia do Curso, a devolu\u00e7\u00e3o ser\u00e1 de 50% do valor pago da matr\u00edcula.<\/p>\n","publicoalvo":"<p><em><strong>Graduados e P\u00f3s-Graduados em Odontologia.<\/strong><\/em><\/p>\n","objetivos":"<p>Ao final do curso o profissional ser\u00e1 capaz de utilizar o conceito de harmoniza\u00e7\u00e3o orofacial progressiva, estrat\u00e9gica e integrada em odontologia multidisciplinar, com foco na sa\u00fade e no bem-estar do paciente.\u00a0 Primamos pela excel\u00eancia na organiza\u00e7\u00e3o, did\u00e1tica, planejamento e execu\u00e7\u00e3o de toda e qualquer atividade pelo profissional, incluindo o atendimento ao paciente.\u00a0 A sequ\u00eancia de temas no cronograma facilita o aprendizado para que o Cirurgi\u00e3o-Dentista absorva o m\u00e1ximo de conte\u00fado e conhecimento.\u00a0 Os professores da equipe e convidados s\u00e3o muito experientes e alinhados com a ci\u00eancia.<\/p>\n","atrativosdiferenciaisdocurso":"<p>O Brasil possui mais de 400 mil Cirurgi\u00f5es-Dentistas formados. Por\u00e9m, apenas 30% destes profissionais possuem alguma especialidade (Dados de agosto de 2023, CFO). Muitos profissionais t\u00eam procurado a S\u00e3o Leopoldo Mandic por se tratar de uma refer\u00eancia no ensino na \u00e1rea da sa\u00fade, al\u00e9m de garantir que todos os alunos tenham contato com as mais diversas t\u00e9cnicas, acessem uma tecnologia de ponta, aumentem suas redes de contato e obtenham um aprendizado focado nas tend\u00eancias da Odontologia Contempor\u00e2nea. Dados demonstram que um profissional, ao terminar um curso de Especializa\u00e7\u00e3o, possui um incremento de 150% nos seus rendimentos, compensando o investimento realizado (Fonte: Semesp). Os profissionais em curso na S\u00e3o Leopoldo Mandic ter\u00e3o \u00e0 disposi\u00e7\u00e3o uma infraestrutura completa para o aprendizado e conviv\u00eancia em um dos maiores campi do Brasil, com tecnologias modernas e sistemas inovadores, como: \u2022 2 Cl\u00ednicas Odontol\u00f3gicas com 36 equipos \u2022 Sistema de prontu\u00e1rios eletr\u00f4nicos pr\u00f3prio (OdontoSig), contendo os dados dos pacientes j\u00e1 triados e direcionados \u00e0 especialidade, que podem ser acessados pelos alunos do pr\u00f3prio celular de onde estiverem, inclusive para pesquisa em banco de dados. \u2022 Laborat\u00f3rios multidisciplinares equipados para as diferentes atividades pr\u00e1ticas de cada especialidade. \u2022 Salas de aula amplas e confort\u00e1veis, com equipamentos para transmiss\u00e3o remota ao vivo por plataforma de ensino digital. \u2022 Acesso remoto ao Portal de Peri\u00f3dicos da CAPES e Reposit\u00f3rio Institucional. \u2022 Portal de servi\u00e7os do aluno. HOF totalmente multidisciplinar, colocando a disciplina dentro da odontologia<\/p>\n","tecnicasapresentadas":"","observacoes":"","politicadesconto":"<p><span style=\"color: #ff0000\"><strong>Descontos Especiais: <\/strong><\/span><\/p>\n<p><strong>Desconto de 30%<\/strong> \u00a0na taxa de matr\u00edcula para pagamentos efetuados at\u00e9 o dia\u00a0 <strong>31\/10\/2023<\/strong>, <strong>20%<\/strong> \u00a0para aqueles realizados at\u00e9 o dia\u00a0 <strong>30\/11\/2023<\/strong> \u00a0e desconto de <strong>\u00a010%<\/strong> \u00a0na taxa de matr\u00edcula para pagamentos efetuados at\u00e9 o dia\u00a0 <strong>04\/03\/2024<\/strong>.<\/p>\n<p><strong>Descontos Vigentes: <\/strong><\/p>\n<p>Desconto de\u00a0 <strong>10%<\/strong> \u00a0nas mensalidades para ex-alunos da Faculdade S\u00e3o Leopoldo Mandic, com exce\u00e7\u00e3o daqueles que fizeram cursos de m\u00f3dulo \u00fanico ou que tenham conclu\u00eddo um curso com dura\u00e7\u00e3o inferior a 12 meses, nas unidades Campinas, Bras\u00edlia, Curitiba, Rio de Janeiro, Fortaleza, S\u00e3o Paulo, Belo Horizonte, Porto Alegre e Vila Velha. Para ex-alunos de Gradua\u00e7\u00e3o da Faculdade S\u00e3o Leopoldo Mandic, que for realizar seu primeiro curso de p\u00f3s-gradua\u00e7\u00e3o, exceto cursos de M\u00f3dulo \u00fanico, tem desconto de\u00a0 <strong>15%<\/strong> \u00a0nas mensalidades e\u00a0 <strong>50%<\/strong> \u00a0na matr\u00edcula. Alunos que desejarem pagar semestralmente \u00e0 vista, tem desconto de\u00a0 <strong>3%<\/strong> \u00a0sobre as mensalidades; Para os pagamentos realizados anualmente \u00e0 vista, concedemos desconto de\u00a0 <strong>4% \u00a0<\/strong>sobre as mensalidades; Para cursos com dura\u00e7\u00e3o superior a 12 meses, quando todas as mensalidades do curso s\u00e3o pagas \u00e0 vista, o desconto \u00e9 de\u00a0 <strong>7% \u00a0<\/strong>sobre as mensalidades. Os descontos n\u00e3o ser\u00e3o concedidos para as matr\u00edculas, com exce\u00e7\u00e3o dos ex-alunos de Gradua\u00e7\u00e3o da Faculdade S\u00e3o Leopoldo Mandic, que for realizar seu primeiro curso.<\/p>\n","linhapesquisa":"","programacao":"<p><strong><em>Primeiro M\u00f3dulo - Concentra\u00e7\u00e3o: Harmoniza\u00e7\u00e3o Orofacial. <\/em><\/strong><br \/>\n<strong><em>Os primeiros 10 m\u00f3dulos para \u00e1rea de concentra\u00e7\u00e3o ser\u00e3o de segunda a quinta-feira e os demais m\u00f3dulos de segunda a quarta-feira . <\/em><\/strong><br \/>\n<span style=\"color: #ff0000\"><strong><em>ATEN\u00c7\u00c3O: <\/em><\/strong><\/span><br \/>\n<strong><em>Programa\u00e7\u00e3o do primeiro dia de aula: <\/em><\/strong><br \/>\n<em><strong>8h<\/strong> - Abertura do curso com a presen\u00e7a do Coordenador da Unidade, tour pela unidade e foto da turma <\/em><br \/>\n<em><strong>8h40<\/strong> - Apresenta\u00e7\u00e3o da Coordena\u00e7\u00e3o do Curso e in\u00edcio das atividades <\/em><br \/>\n<em><strong>10h<\/strong> - Coffe Break <\/em><br \/>\n<em><strong>10h30<\/strong>- Continua\u00e7\u00e3o\u00a0das atividades\u00a0 <\/em><br \/>\n<em><strong>12h30<\/strong> - Intervalo para almo\u00e7o <\/em><br \/>\n<em><strong>14h<\/strong> - Continua\u00e7\u00e3o da atividades <\/em><br \/>\n<em><strong>18h<\/strong> - Encerramento do 1\u00ba dia. \u200b <\/em><br \/>\n<em><strong>Segundo e Terceiro m\u00f3dulos<\/strong> \u00a0-\u00a0 Dom\u00ednio Conexo:\u00a0 Disciplinas obrigat\u00f3rias e exigidas pelo MEC (Minist\u00e9rio da Educa\u00e7\u00e3o) e CFO (Conselho Federal de Odontologia), sendo comuns a todas as especialidades, da seguinte forma: <\/em><br \/>\n<em>O\u00a0 <strong>Segundo m\u00f3dulo<\/strong>\u00a0 para as disciplinas de \u00a0<strong>Emerg\u00eancias M\u00e9dicas\u00a0 e \u00a0Terap\u00eautica Medicamentos<\/strong>a,\u00a0 ser\u00e3o realizados na forma\u00a0 <strong>EAD<\/strong>. \u200b <\/em><br \/>\n<em>O\u00a0 <strong>Terceiro m\u00f3dulo<\/strong> ,\u00a0para as \u00a0 disciplinas de \u00a0\u00a0<strong>\u00c9tica e Legisla\u00e7\u00e3o Odontol\u00f3gica\u00a0 e \u00a0Metodologia da Pesquisa Cient\u00edfica<\/strong>\u00a0 ser\u00e3o realizados na forma\u00a0 <strong>EAD<\/strong>. <\/em><br \/>\n<em>Obs.: Os alunos que j\u00e1 realizaram as disciplinas destes dois m\u00f3dulos de\u00a0 Dom\u00ednio Conexo (Emerg\u00eancias M\u00e9dicas, Metodologia da Pesquisa Cient\u00edfica, Terap\u00eautica Medicamentosa e \u00c9tica e Legisla\u00e7\u00e3o Odontol\u00f3gica) outro curso de Especializa\u00e7\u00e3o, podem solicitar junto ao Departamento Comercial, antes de iniciar a frequ\u00eancia no curso, a an\u00e1lise da dispensa (convalida\u00e7\u00e3o) destes estudos, desde que respeitado o prazo m\u00ednimo de at\u00e9 4 anos da data de in\u00edcio do curso.<\/em><em>Excepcionalmente para ex-alunos da Institui\u00e7\u00e3o S\u00e3o Leopoldo Mandic, ser\u00e1 concedido desconto proporcional nas disciplinas convalidadas de Dom\u00ednio Conexo.\u00a0Caso a solicita\u00e7\u00e3o ocorra ap\u00f3s o in\u00edcio das aulas, o desconto s\u00f3 ter\u00e1 vig\u00eancia nos meses posteriores \u00e0 data do pedido. <\/em><br \/>\n<em>A partir do\u00a0 <strong>d\u00e9cimo terceiro m\u00f3dulo<\/strong> ,\u00a0o curso\u00a0passa a ocorrer de \u00a0<strong>segunda a quarta-feira,<\/strong> das <strong>8h \u00e0s 18h<\/strong> , com aulas voltadas para a\u00a0 \u00e1rea\u00a0de Concentra\u00e7\u00e3o (Harmoniza\u00e7\u00e3o Orofacial). <\/em><br \/>\n<em>A SLMandic reserva o direito de n\u00e3o iniciar o curso na data acima prevista se o n\u00famero m\u00ednimo de alunos n\u00e3o for atingido. Ao inscrito, cabe esperar a confirma\u00e7\u00e3o da data de in\u00edcio pelo Departamento Comercial para que as provid\u00eancias sejam tomadas.\u00a0 <\/em><br \/>\n<strong><em>\u201cO ingresso na turma est\u00e1 condicionado a data de emiss\u00e3o do CRO, pois devido ao processo de portaria junto ao CFO, a data n\u00e3o pode ser posterior a data de in\u00edcio do curso.\u201d <\/em><\/strong><br \/>\n<strong><em>Calend\u00e1rio Parcial: <\/em><\/strong><br \/>\n<em><strong>1\u00ba. M\u00f3dulo:<\/strong>\u00a0 18, 19, 20 e 21 \u00a0<strong>de mar\u00e7o de 2024 - \u00c1rea de Concentra\u00e7\u00e3o;\u00a0 <\/strong><\/em><br \/>\n<em><strong>2\u00ba. M\u00f3dulo:<\/strong>\u00a0 01 a 30 \u00a0de abril <strong>de 2024 - \u00c1rea de Dom\u00ednio Conexo - Emerg\u00eancias M\u00e9dicas e Terap\u00eautica Medicamentosa - EAD;\u00a0 <\/strong><\/em><br \/>\n<em><strong>3\u00ba. M\u00f3dulo:<\/strong>\u00a0 01 a 30 <strong>de\u00a0 maio de 2024 - \u00c1rea de Dom\u00ednio Conexo - \u00c9tica e Legisla\u00e7\u00e3o Odontol\u00f3gica e Metodologia da Pesquisa Cient\u00edfica - EAD;\u00a0 <\/strong><\/em><br \/>\n<em><strong>4\u00ba. M\u00f3dulo:<\/strong>\u00a0 03, 04, 05\u00a0 e 06 <strong>de junho de 2024 - \u00c1rea de Concentra\u00e7\u00e3o; <\/strong><\/em><br \/>\n<em><strong>5\u00ba. M\u00f3dulo:<\/strong> \u00a0 01, 02, 03 e 04\u00a0 <strong>de julho de 2024 - \u00c1rea de Concentra\u00e7\u00e3o; <\/strong><\/em><br \/>\n<em><strong>6\u00ba. M\u00f3dulo:<\/strong>\u00a0 05, 06, 07 e 08\u00a0 <strong>de agosto de 2024 - \u00c1rea de Concentra\u00e7\u00e3o; <\/strong><\/em><br \/>\n<em><strong>7\u00ba. M\u00f3dulo:<\/strong>\u00a0 02, 03, 04 e 05 \u00a0<strong>de setembro de 2024 - \u00c1rea de Concentra\u00e7\u00e3o;\u00a0 <\/strong><\/em><br \/>\n<em><strong>8\u00ba. M\u00f3dulo:<\/strong>\u00a0 07, 08, 09 e 10\u00a0 <strong>de outubro de 2024 - \u00c1rea de Concentra\u00e7\u00e3o; <\/strong><\/em><br \/>\n<em><strong>9\u00ba. M\u00f3dulo:<\/strong>\u00a0 04, 05, 06 e 07 \u00a0<strong>de novembro de 2024 - \u00c1rea de Concentra\u00e7\u00e3o.<\/strong><\/em><\/p>\n<p style=\"text-align: center\"><strong>Conte\u00fado Program\u00e1tico:<\/strong><\/p>\n<p><strong>\u00c1rea de Dom\u00ednio Conexo (m\u00f3dulos comuns):<\/strong><br \/>\nMetodologia<br \/>\n\u00c9tica e Bio\u00e9tica<br \/>\nEmerg\u00eancias M\u00e9dicas<br \/>\nTerap\u00eautica Medicamentosa<br \/>\n<strong>\u00c1rea de Concentra\u00e7\u00e3o (Harmoniza\u00e7\u00e3o Orofacial):<\/strong><br \/>\nDisciplinas de Dom\u00ednio Conexo:<br \/>\nMetodologia<br \/>\n\u00c9tica e Bio\u00e9tica<br \/>\nEmerg\u00eancias M\u00e9dicas<br \/>\nTerap\u00eautica Medicamentosa<br \/>\n\u00c1rea de concentra\u00e7\u00e3o em Harmoniza\u00e7\u00e3o Orofacial<br \/>\n1 - Dominar as Estruturas Anat\u00f4micas da Face em todas as camadas e \u00e1reas, dentro da \u00e1rea de atua\u00e7\u00e3o da Odontologia<br \/>\n2- Compreender os aspectos relacionado ao envelhecimento dos tecidos faciais<br \/>\n3- Dominar os conceitos relacionados ao Visagismo e \u00e0 Antropometria para realizar a An\u00e1lise Facial em concord\u00e2ncia com cada indiv\u00edduo<br \/>\n4- Diagnosticar o padr\u00e3o est\u00e9tico da face do paciente<br \/>\nA) Anamnese e Exames Cl\u00ednicos<br \/>\n- Exame intra-oral<br \/>\n- Exames extra-orais<br \/>\nB) Exames Complementares<br \/>\n- Protocolo Fotogr\u00e1fico da Face<br \/>\n- Exames de imagem<br \/>\n5- Realizar um planejamento Integrado com \u00e0s demais \u00e1reas correlatas a especialidades<br \/>\nA) Pr\u00f3tese Dent\u00e1ria: Aumento da Dimens\u00e3o Vertical de Oclus\u00e3o e o impacto na est\u00e9tica facial<br \/>\nB) Ortodontia de Excel\u00eancia<br \/>\nC) Cirurgia Buco Maxilo Facial: Modificando as Estruturas \u00d3sseas e seu impacto na face<br \/>\nD) Eletroterapia e Fonoaudiologia aplicadas \u00e0 face<br \/>\nE) Odontologia digital a servi\u00e7o da HOF<br \/>\na- Escaneamento Facial<br \/>\nb- Softwares de an\u00e1lise da face<br \/>\n6- Saber definir um plano de tratamento contendo a sequ\u00eancia Cl\u00ednica de Procedimentos.<br \/>\nPor onde come\u00e7ar? Pela Face ou pelos Dentes?<br \/>\n7- Dominar as propriedades farmacol\u00f3gicas, f\u00edsicas, indica\u00e7\u00f5es, contra-indica\u00e7\u00f5es das drogas e\/ou materiais e\/ou equipamentos utilizados como terapia em HOF<br \/>\nA) Toxina Botul\u00ednica<br \/>\nB) \u00c1cido Hialur\u00f4nico<br \/>\nC) Fios de sustenta\u00e7\u00e3o<br \/>\nD) Jato de Plasma \/ Ozonioterapia<br \/>\nE) Carboxiterapia \/ Radiofrequ\u00eancia<br \/>\n08- Realizar os t\u00e9cnicas e procedimentos relacionados \u00e0 Harmoniza\u00e7\u00e3o Orofacial<br \/>\nA) Aplica\u00e7\u00e3o com toxina botul\u00ednica<br \/>\nB) Preparo de pele e Intradermoterapias<br \/>\nC) Bioestimuladores e Mesclas<br \/>\nD) Concentrados Sangu\u00edneos e Plasma Gel<br \/>\nE) Aplica\u00e7\u00e3o com Preenchedores<br \/>\n- Procedimentos B\u00e1sicos: SNG, l\u00e1bios, malar e mento<br \/>\n- Procedimentos Avan\u00e7ados: t\u00eampora, \u00e2ngulo mandibular, nariz, glabela e goteira lacrimal<br \/>\nF) Fios faciais lisos e aptos<br \/>\nG) Cirurgias Faciais: lip lift, corner lift, bichectomia, lipossuc\u00e7\u00e3o submentoniana<br \/>\nH) DTM, Dor Orofacial e Viscossuplementa\u00e7\u00e3o<br \/>\nI) Carboxiterapia \/ Radiofrequ\u00eancia<br \/>\nJ) Jato de Plasma \/ Ozonioterapia<br \/>\nK) Fotobiomodula\u00e7\u00e3o<br \/>\nL) Microagulhamento e Peelings<br \/>\n09- Conhecer as causas (patologias) e riscos, bem como saber intervir (manejo cl\u00ednico) em casos de intercorr\u00eancias, acidentes e complica\u00e7\u00f5es.<br \/>\n10- Compreender as indica\u00e7\u00f5es e saber indicar os cosm\u00e9ticos aplicados \u00e0 face, para preven\u00e7\u00e3o, tratamento e ou manuten\u00e7\u00e3o de resultados.<br \/>\n11- Realizar a preven\u00e7\u00e3o do envelhecimento<br \/>\nTerapias Anti Aging \/ Cosm\u00e9ticos voltados \u00e0 preven\u00e7\u00e3o do envelhecimento<\/p>\n","procedimentoselecao":"<p><strong>a) Inscri\u00e7\u00e3o:<\/strong><\/p>\n<p>Inscreva-se on-line ou por meio do Departamento Comercial pelo telefone 0800 941 7 941, pelo WhatsApp <a href=\"https:\/\/wa.me\/5519992288781\">+55 19 99228-8781<\/a>, ou pelo e-mail <a href=\"mailto:cursos@slmandic.edu.br\">cursos@slmandic.edu.br<\/a><\/p>\n<p><strong>b) Matr\u00edcula:<\/strong><\/p>\n<p>Para que a Institui\u00e7\u00e3o considere o aluno devidamente matriculado na turma, este dever\u00e1 realizar o pagamento correspondente \u00e0 matr\u00edcula no curso atrav\u00e9s de boleto banc\u00e1rio ou cart\u00e3o de cr\u00e9dito e assinar eletronicamente o contrato digital, que ser\u00e1 enviado por e-mail por meio da Plataforma IziSign.<\/p>\n<p>Vale ressaltar, por\u00e9m, que a faculdade reserva o direito de efetivar a matr\u00edcula de acordo com a ordem dos pagamentos, respeitando o n\u00famero de vagas em cada turma. Caso a confirma\u00e7\u00e3o do pagamento ocorra ap\u00f3s o preenchimento das vagas dispon\u00edveis, o candidato ao curso receber\u00e1 o reembolso do valor pago.<\/p>\n<p>* As parcelas relativas ao plano de pagamento do curso obedecer\u00e3o aos vencimentos a seguir:<\/p>\n<p><strong>Mestrado <\/strong>\u2013 Todo dia 05 de cada m\u00eas<br \/>\n<strong>Doutorado <\/strong>\u2013 Todo dia 20 de cada m\u00eas<br \/>\n<strong>Demais tipos de curso<\/strong> (ex.: Especializa\u00e7\u00e3o, Capacita\u00e7\u00e3o, etc.) \u2013 Todo dia 10 de cada m\u00eas<\/p>\n<p>Caso o curso possua a condi\u00e7\u00e3o de Plano de Pagamento Estendido e o aluno opte por ele, este dever\u00e1 sinalizar antes da assinatura do contrato. N\u00e3o ser\u00e1 poss\u00edvel realizar a altera\u00e7\u00e3o depois que o contrato estiver assinado.<\/p>\n<p><strong>c) A documenta\u00e7\u00e3o exigida para regularizar a matr\u00edcula dever\u00e1 ser apresentada no formato f\u00edsico no Apoio ao Estudante\/Secretaria da Unidade, no prazo de acordo com o contrato de presta\u00e7\u00e3o de servi\u00e7os educacionais: <\/strong><\/p>\n<p>- Certid\u00e3o de nascimento ou casamento;<\/p>\n<p>- RG (Carteira de Habilita\u00e7\u00e3o n\u00e3o substitui esse documento);<\/p>\n<p>- CPF;<\/p>\n<p>- Carteira profissional (Ex.: CRO-UF, CRM-UF, etc.);<\/p>\n<p>- Comprovante de Resid\u00eancia recente (com no m\u00e1ximo 90 dias de emiss\u00e3o);<\/p>\n<p>- 1 Foto 3 x 4 de \u00e2ngulo frontal de fundo neutro que poder\u00e1 ser digitalizada;<\/p>\n<p>- Diploma de Gradua\u00e7\u00e3o.<\/p>\n<p><strong>Obs.:<\/strong>\u00a0Em fun\u00e7\u00e3o da entrada em vigor da Secretaria Digital (Portaria do Minist\u00e9rio da Educa\u00e7\u00e3o), \u00e9 solicitado o diploma de Gradua\u00e7\u00e3o para ser digitalizado na institui\u00e7\u00e3o, devendo ser entregue no prazo de acordo com o contrato de presta\u00e7\u00e3o de servi\u00e7os educacionais, sob penalidade de n\u00e3o emiss\u00e3o do diploma caso tenha esta pend\u00eancia em aberto.<\/p>\n","estrangeiro":"<p><strong>a) Enrollment:<\/strong><\/p>\n<p>\u200bApply online or through the Commercial Department by calling 0800 941 7 941, by WhatsApp +55 19 99228-8781, or by e-mail <a href=\"mailto:curso@slmandic.edu.br\">curso@slmandic.edu.br<\/a>.<\/p>\n<p>For the Institution to consider the student duly enrolled in the class, they must make the payment corresponding to the enrollment in the course through a bank slip with a CPF, credit card, or international exchange. In addition, the student must electronically sign the digital contract, which will be sent by e-mail through the IziSign Platform.<\/p>\n<p>It is worth mentioning that S\u00e3o Leopoldo Mandic reserves the right to enroll students in accordance with the order of payments, respecting the number of vacancies in each class. If confirmation of payment occurs after filling available places, the candidate for the course will receive a refund of the amount paid.<\/p>\n<p>* The installments payment dates related to the course payment plan will follow the rule:<\/p>\n<p><strong>Masters<\/strong> \u2013 Every 5th of each month<\/p>\n<p><strong>Doctorate <\/strong>\u2013 Every 20th of each month<\/p>\n<p><strong>Other types of course<\/strong> (e.g. Specialization, Training, etc.) \u2013 Every 10th of each month.<\/p>\n<p><strong><em>Below are the bank details for payment through International Exchange.<\/em><\/strong><\/p>\n<p><em>Payment Orders in USD<\/em><\/p>\n<p><em>Through: BANK OF NEW YORK\u00a0<\/em><\/p>\n<p><em>New York - EUA\u00a0<\/em><\/p>\n<p><em>BIC SWIFT: IRVTUS3N\u00a0<\/em><\/p>\n<p><em>ABA: 053000196\u00a0<\/em><\/p>\n<p><em>Account number: 6550422632\u00a0<\/em><\/p>\n<p><em>Beneficiary Bank: BANCO ITA\u00da S\/A\u00a0<\/em><\/p>\n<p><em>S\u00e3o Paulo - Brasil\u00a0<\/em><\/p>\n<p><em>BIC SWIFT: ITAUBRSP\u00a0<\/em><\/p>\n<p><em>Beneficiary Customer: SOCIEDADE REGIONAL DE ENSINO E SA\u00daDE SS LTDA<\/em><\/p>\n<p><em>Branch: 6393\u00a0<\/em><\/p>\n<p><em>Account number: 03477-9<\/em><\/p>\n<p><strong>b) The documentation required to regularize the enrollment must be presented in physical format at the Student Support\/Secretary of the Unit, within the period in accordance with the contract:<\/strong><\/p>\n<p>- Birth or marriage certificate \u2013 certified by the Brazilian consulate;<\/p>\n<p>- Passport showing personal identification, and the Visa Stamp to enter in Brazil (whenever applicable);<\/p>\n<p>- CRNM (National Immigration Registry Card) OR RNE (Foreign National Registry) OR the protocol issued by the Federal Police, stating the period of leave to remain in Brazil;<\/p>\n<p>- Professional card (which proves the permission to practice the profession)<\/p>\n<p>- Recent proof of residence (last three months);<\/p>\n<p>- One 3cm x 4cm front-angle photo with neutral background that allows for digital scanning;<\/p>\n<p>- Original Graduation Diploma translated by a sworn and consularized public translator.<\/p>\n<p><strong>Note:<\/strong> As required by the Brazilian Ministry of Education, the Graduation diploma is requested to be scanned at the institution, and must be delivered within the period in accordance with the contract, under penalty of non-issuance of the diploma if you have this pendency.<\/p>\n<p><em>All assignments, tests and other written activities must be done in Portuguese.<\/em><\/p>\n","lista-de-materiais-download-":"","materiaisnecessarios":"<p style=\"text-align: center\"><strong>LISTA DE MATERIAIS: <\/strong><\/p>\n<p>Paqu\u00edmetro Digital Equipamento Fotogr\u00e1fico\u00a0 Fundos negros para fotografia\u00a0 Descart\u00e1veis (lista a ser entregue primeiro dia de aula)<\/p>\n","matrizcurricular":"","gradehoraria":"","contatocomercial":"<p><strong>Departamento Comercial da Faculdade S\u00e3o Leopoldo Mandic<\/strong><\/p>\n<p><strong>Telefone:<\/strong>\u00a00800 941 7 941<\/p>\n<p><strong>E-mail:\u00a0<\/strong><a href=\"mailto:cursos@slmandic.edu.br\">cursos@slmandic.edu.br<\/a><\/p>\n<p><strong>Site:<\/strong>\u00a0<a href=\"http:\/\/www.slmandic.edu.br\/\">www.slmandic.edu.br<\/a><\/p>\n<p><strong>Atendimento via WhatsApp:\u00a0<\/strong>+55 (19) 99228-8781, caso prefira, clique neste link<a href=\"https:\/\/api.whatsapp.com\/send\/?phone=5519992288781&amp;text&amp;type=phone_number&amp;app_absent=0\">\u00a0https:\/\/wa.me\/5519992288781<\/a><\/p>\n<p><strong>\u200bSiga a institui\u00e7\u00e3o nas redes sociais:<\/strong><\/p>\n<p><a href=\"http:\/\/facebook.com\/saoleopoldomandic\">Facebook.com\/saoleopoldomandic<\/a><\/p>\n<p><a href=\"http:\/\/youtube.com\/user\/slmandic\">Youtube.com\/user\/slmandic<\/a><\/p>\n<p><a href=\"http:\/\/instagram.com\/saoleopoldomandic\">Instagram.com\/saoleopoldomandic<\/a><\/p>\n<p><a href=\"http:\/\/linkedin.com\/school\/saoleopoldomandic\">Linkedin.com\/school\/saoleopoldomandic<\/a><\/p>\n<p><a href=\"http:\/\/vm.tiktok.com\/ZSqB4YkB\/\">vm.tiktok.com\/ZSqB4YkB\/<\/a><\/p>\n","coordenadordecurso":"Prof. Ms. Roger Kirschner","coordenadoradjunto":"","coordenadoradjunto2":"","idcursosales":"","iddocursonoantigoportal":"","especialidade":"Harmoniza\u00e7\u00e3o Orofacial","areaensino":"Odontologia","nivel":"Especializa\u00e7\u00e3o","unidade":"Bras\u00edlia","categoriastatus":"Uncategorized","idscontasdocentes":"0013m00002Fi5bBAAR,0013m00002Fi5cXAAR,0013m00002K5QkpAAF,0013m00002efxnYAAQ,0013m00002efxnnAAA,001Ia000002kpilIAA,001Ia000002kqF0IAI,001Ia000002pmT3IAI,001Ia000002yNMSIA2,001Ia000002yOtaIAE,001Ia000002yP78IAE,001Ia000002yP9bIAE,001Ia000002yPBJIA2,001Ia000002yPCuIAM","codcoligada":"1","idps":"4594","texto-banner":"","metodologia-inovadora":"","curriculo-qualificado":"","corpo-docente-qualificado":"","infraestrutura-de-excelencia":"","icone":"","title":"","descricao":"","icone-2":"","title-2":"","descricao-2":"","icone-3":"","title-3":"","descricao-3":"","icone-4":"","title-4":"","descricao-4":"","icone-5":"","title-5":"","descricao-5":"","icone-6":"","title-6":"","descricao-6":"","informacoesgerais":"","calendario-download":"","conteudo-programatico-dominio-conexo":"","conteudo-programatico-area-de-concentracao":"","ebook-matriz-educacional":""},"especialidade":[352],"duracao":[],"categoria-de-curso":[392],"areas":[18],"_links":{"self":[{"href":"https:\/\/slmandic.edu.br\/cursos\/wp-json\/wp\/v2\/cursos\/34520"}],"collection":[{"href":"https:\/\/slmandic.edu.br\/cursos\/wp-json\/wp\/v2\/cursos"}],"about":[{"href":"https:\/\/slmandic.edu.br\/cursos\/wp-json\/wp\/v2\/types\/cursos"}],"wp:attachment":[{"href":"https:\/\/slmandic.edu.br\/cursos\/wp-json\/wp\/v2\/media?parent=34520"}],"wp:term":[{"taxonomy":"especialidade","embeddable":true,"href":"https:\/\/slmandic.edu.br\/cursos\/wp-json\/wp\/v2\/especialidade?post=34520"},{"taxonomy":"duracao","embeddable":true,"href":"https:\/\/slmandic.edu.br\/cursos\/wp-json\/wp\/v2\/duracao?post=34520"},{"taxonomy":"categoria-de-curso","embeddable":true,"href":"https:\/\/slmandic.edu.br\/cursos\/wp-json\/wp\/v2\/categoria-de-curso?post=34520"},{"taxonomy":"areas","embeddable":true,"href":"https:\/\/slmandic.edu.br\/cursos\/wp-json\/wp\/v2\/areas?post=34520"}],"curies":[{"name":"wp","href":"https:\/\/api.w.org\/{rel}","templated":true}]}}